{"id":2711,"date":"2019-11-04T13:16:46","date_gmt":"2019-11-04T12:16:46","guid":{"rendered":"http:\/\/www.palencia.uva.es\/etudes\/"},"modified":"2019-11-04T13:16:55","modified_gmt":"2019-11-04T12:16:55","slug":"etudes","status":"publish","type":"page","link":"https:\/\/www.palencia.uva.es\/fr\/etudes\/","title":{"rendered":"\u00c9tudes"},"content":{"rendered":"[et_pb_section bb_built=&#8221;1&#8243; _builder_version=&#8221;3.22.3&#8243; custom_padding=&#8221;0|0px|0|0px|false|false&#8221; next_background_color=&#8221;#000000&#8243;][et_pb_row _builder_version=&#8221;3.22.3&#8243; background_size=&#8221;initial&#8221; background_position=&#8221;top_left&#8221; background_repeat=&#8221;repeat&#8221;][et_pb_column type=&#8221;4_4&#8243;][et_pb_text admin_label=&#8221;Grados&#8221; module_id=&#8221;grados&#8221; _builder_version=&#8221;3.19.18&#8243; text_font=&#8221;Montserrat|||||on|||&#8221; text_text_color=&#8221;#ffffff&#8221; text_font_size=&#8221;40px&#8221; text_letter_spacing=&#8221;33px&#8221; text_text_shadow_style=&#8221;preset1&#8243; background_color=&#8221;#bb29bb&#8221; custom_padding=&#8221;1em||&#8221; text_font_size_tablet=&#8221;30px&#8221; text_font_size_last_edited=&#8221;on|phone&#8221; text_letter_spacing_tablet=&#8221;0px&#8221; text_letter_spacing_last_edited=&#8221;on|desktop&#8221;]\n<p>GRADES<\/p>\n[\/et_pb_text][\/et_pb_column][\/et_pb_row][et_pb_row custom_padding=&#8221;27px|0px|0|0px|false|false&#8221; module_class=&#8221;dashicon-enlace&#8221; _builder_version=&#8221;3.22.3&#8243; background_size=&#8221;initial&#8221; background_position=&#8221;top_left&#8221; background_repeat=&#8221;repeat&#8221;][et_pb_column type=&#8221;4_4&#8243;][et_pb_text admin_label=&#8221;Grados ETSIIAA &#8211; lista&#8221; ul_type=&#8221;none&#8221; ol_position=&#8221;outside&#8221; ol_item_indent=&#8221;4vw&#8221; _builder_version=&#8221;3.20.2&#8243; ul_font=&#8221;Roboto|300|||||||&#8221; ul_font_size=&#8221;18px&#8221; ol_font=&#8221;Montserrat|700|||||||&#8221; ol_text_color=&#8221;#bb29bb&#8221; ol_font_size=&#8221;28px&#8221; ol_line_height=&#8221;1.5em&#8221; header_4_font=&#8221;|700|||||||&#8221; header_4_text_color=&#8221;#bb29bb&#8221; header_4_font_size=&#8221;28px&#8221; header_5_font=&#8221;Roboto||||||||&#8221; header_5_font_size=&#8221;20px&#8221; use_background_color_gradient=&#8221;on&#8221; background_color_gradient_start=&#8221;rgba(0,0,0,0.04)&#8221; background_color_gradient_end=&#8221;rgba(255,255,255,0)&#8221; background_color_gradient_direction=&#8221;90deg&#8221; background_color_gradient_start_position=&#8221;25%&#8221; background_color_gradient_end_position=&#8221;50%&#8221; custom_padding=&#8221;1vw||0vw||false&#8221; header_5_font_size_last_edited=&#8221;on|desktop&#8221; custom_css_main_element__hover_enabled=&#8221;on&#8221;]\n<h4>\u00c9COLE TECHNIQUE SUP\u00c9RIEURE DES G\u00c9NIES AGRAIRES<\/h4>\n<ol>\n<li>\n<h5><a href=\"http:\/\/www.uva.es\/export\/sites\/uva\/2.docencia\/2.01.grados\/2.01.02.ofertaformativagrados\/2.01.02.01.alfabetica\/Grado-en-Enologia-PA\/\" target=\"_blank\" rel=\"noopener noreferrer\">Grade en \u0152nologie<\/a><\/h5>\n<\/li>\n<li>\n<h5><a href=\"http:\/\/www.uva.es\/export\/sites\/uva\/2.docencia\/2.01.grados\/2.01.02.ofertaformativagrados\/2.01.02.01.alfabetica\/Grado-en-Ingenieria-Agricola-y-del-Medio-Rural-PA\/\" target=\"_blank\" rel=\"noopener noreferrer\">Grade en G\u00e9nie Agricole et du Milieu rural<\/a><\/h5>\n<\/li>\n<li>\n<h5><a href=\"http:\/\/www.uva.es\/export\/sites\/uva\/2.docencia\/2.01.grados\/2.01.02.ofertaformativagrados\/2.01.02.01.alfabetica\/Grado-en-Ingenieria-Forestal-y-del-Medio-Natural\/\" target=\"_blank\" rel=\"noopener noreferrer\">Grade en G\u00e9nie Forestier et du Milieu naturel<\/a><\/h5>\n<\/li>\n<li>\n<h5><a href=\"http:\/\/www.uva.es\/export\/sites\/uva\/2.docencia\/2.01.grados\/2.01.02.ofertaformativagrados\/2.01.02.01.alfabetica\/Grado-en-Ingenieria-de-las-Industrias-Agrarias-y-Alimentarias\/\" target=\"_blank\" rel=\"noopener noreferrer\">Grade en G\u00e9nie des Industries agraires et alimentaires<\/a><\/h5>\n<\/li>\n<li>\n<h5><a href=\"http:\/\/www.uva.es\/export\/sites\/uva\/2.docencia\/2.01.grados\/2.01.02.ofertaformativagrados\/2.01.02.01.alfabetica\/Programa-de-Estudios-Conjunto-de-Grado-en-Ingenieria-Agricola-y-del-Medio-Rural-e-Ingenieria-Forestal-y-del-Medio-Natural-I-AGRIFOREST\/\" target=\"_blank\" rel=\"noopener noreferrer\">Programme d\u2019\u00c9tudes commun de Grade en G\u00e9nie agricole et du Moyen rural et G\u00e9nie Forestier et du Moyen Naturel (I-AGRIFOREST) <\/a><\/h5>\n<\/li>\n<li>\n<h5><a href=\"http:\/\/www.uva.es\/export\/sites\/uva\/2.docencia\/2.01.grados\/2.01.02.ofertaformativagrados\/2.01.02.01.alfabetica\/Programa-de-Estudios-Conjunto-de-Grado-en-Ingenieria-Agricola-y-del-Medio-Rural-y-Grado-en-Ingenieria-de-las-Industrias-Agrarias-y-Alimentarias-I-AGRIFOOD\/\" target=\"_blank\" rel=\"noopener noreferrer\">Programme d\u2019\u00c9tudes commun de Grade en G\u00e9nie agricole et du Moyen rural et Grade en G\u00e9nie des Industries agraires et alimentaires (I-AGRIFOOD)<\/a><\/h5>\n<\/li>\n<li>\n<h5><a href=\"http:\/\/www.uva.es\/export\/sites\/uva\/2.docencia\/2.01.grados\/2.01.02.ofertaformativagrados\/2.01.02.01.alfabetica\/Programa-de-Estudios-Conjunto-de-Grado-en-Ingenieria-de-las-Industrias-Agrarias-y-Alimentarias-y-Grado-en-Enologia-I-ENOFOOD\/\" target=\"_blank\" rel=\"noopener noreferrer\">Programme d\u2019\u00c9tudes commun de Grade en G\u00e9nie des Industries agraires et alimentaires  et Grade en \u0152nologie (IENOFOOD)<\/a><\/h5>\n<\/li>\n<\/ol>\n[\/et_pb_text][et_pb_text admin_label=&#8221;Grados CCTT &#8211; lista&#8221; ul_type=&#8221;none&#8221; ol_position=&#8221;outside&#8221; ol_item_indent=&#8221;4vw&#8221; _builder_version=&#8221;3.20.2&#8243; ul_font=&#8221;Roboto|300|||||||&#8221; ul_font_size=&#8221;18px&#8221; ol_font=&#8221;Montserrat|700|||||||&#8221; ol_text_color=&#8221;#bb29bb&#8221; ol_font_size=&#8221;28px&#8221; ol_line_height=&#8221;1.5em&#8221; header_4_font=&#8221;|700|||||||&#8221; header_4_text_color=&#8221;#bb29bb&#8221; header_4_font_size=&#8221;28px&#8221; header_5_font=&#8221;Roboto||||||||&#8221; header_5_font_size=&#8221;20px&#8221; use_background_color_gradient=&#8221;on&#8221; background_color_gradient_start=&#8221;rgba(0,0,0,0.04)&#8221; background_color_gradient_end=&#8221;rgba(255,255,255,0)&#8221; background_color_gradient_direction=&#8221;90deg&#8221; background_color_gradient_start_position=&#8221;25%&#8221; background_color_gradient_end_position=&#8221;50%&#8221; custom_padding=&#8221;1vw||0vw||false&#8221; header_5_font_size_last_edited=&#8221;on|desktop&#8221; custom_css_main_element__hover_enabled=&#8221;on&#8221;]\n<h4>FACULT\u00c9 DES SCIENCES DU TRAVAIL<\/h4>\n<ol start=\"8\">\n<li>\n<h5><a href=\"http:\/\/www.uva.es\/export\/sites\/uva\/2.docencia\/2.01.grados\/2.01.02.ofertaformativagrados\/2.01.02.01.alfabetica\/Grado-en-Relaciones-Laborales-y-Recursos-Humanos-PA\/\" target=\"_blank\" rel=\"noopener noreferrer\">Grade en Relations de Travail et Ressources humaines <\/a><\/h5>\n<\/li>\n<\/ol>\n[\/et_pb_text][et_pb_text admin_label=&#8221;Grados FED &#8211; lista&#8221; ul_type=&#8221;none&#8221; ol_position=&#8221;outside&#8221; ol_item_indent=&#8221;4vw&#8221; _builder_version=&#8221;3.20.2&#8243; ul_font=&#8221;Roboto|300|||||||&#8221; ul_font_size=&#8221;18px&#8221; ol_font=&#8221;Montserrat|700|||||||&#8221; ol_text_color=&#8221;#bb29bb&#8221; ol_font_size=&#8221;28px&#8221; ol_line_height=&#8221;1.5em&#8221; header_4_font=&#8221;|700|||||||&#8221; header_4_text_color=&#8221;#bb29bb&#8221; header_4_font_size=&#8221;28px&#8221; header_5_font=&#8221;Roboto||||||||&#8221; header_5_font_size=&#8221;20px&#8221; use_background_color_gradient=&#8221;on&#8221; background_color_gradient_start=&#8221;rgba(0,0,0,0.04)&#8221; background_color_gradient_end=&#8221;rgba(255,255,255,0)&#8221; background_color_gradient_direction=&#8221;90deg&#8221; background_color_gradient_start_position=&#8221;25%&#8221; background_color_gradient_end_position=&#8221;50%&#8221; custom_padding=&#8221;1vw||0vw||false&#8221; header_5_font_size_last_edited=&#8221;on|desktop&#8221; custom_css_main_element__hover_enabled=&#8221;on&#8221;]\n<h4>FACULT\u00c9 D\u2019\u00c9DUCATION<\/h4>\n<ol start=\"9\">\n<li>\n<h5><a href=\"http:\/\/www.uva.es\/export\/sites\/uva\/2.docencia\/2.01.grados\/2.01.02.ofertaformativagrados\/2.01.02.01.alfabetica\/Grado-en-Educacion-Infantil-PA\/\" target=\"_blank\" rel=\"noopener noreferrer\">Grade en Enseignement pr\u00e9-primaire <\/a><\/h5>\n<\/li>\n<li>\n<h5><a href=\"http:\/\/www.uva.es\/export\/sites\/uva\/2.docencia\/2.01.grados\/2.01.02.ofertaformativagrados\/2.01.02.01.alfabetica\/Grado-en-Educacion-Primaria-PA\/\" target=\"_blank\" rel=\"noopener noreferrer\">Grade en Enseignement primaire <\/a><\/h5>\n<\/li>\n<li>\n<h5><a href=\"http:\/\/www.uva.es\/export\/sites\/uva\/2.docencia\/2.01.grados\/2.01.02.ofertaformativagrados\/2.01.02.01.alfabetica\/Grado-en-Educacion-Social-PA\/\" target=\"_blank\" rel=\"noopener noreferrer\">Grade en \u00c9ducation sociale <\/a><\/h5>\n<\/li>\n<li>\n<h5><a href=\"http:\/\/www.uva.es\/export\/sites\/uva\/2.docencia\/2.01.grados\/2.01.02.ofertaformativagrados\/2.01.02.01.alfabetica\/Programa-de-estudios-conjunto-de-Grado-en-Educacion-Infantil-y-Grado-en-Educacion-Primaria-PA\/\" target=\"_blank\" rel=\"noopener noreferrer\">Programme d\u2019\u00c9tudes commun de Grade en Enseignement pr\u00e9-primaire et Grade en Enseignement primaire <\/a><\/h5>\n<\/li>\n<\/ol>\n[\/et_pb_text][et_pb_text admin_label=&#8221;Grados ENF &#8211; lista&#8221; ul_type=&#8221;none&#8221; ol_position=&#8221;outside&#8221; ol_item_indent=&#8221;4vw&#8221; _builder_version=&#8221;3.20.2&#8243; ul_font=&#8221;Roboto|300|||||||&#8221; ul_font_size=&#8221;18px&#8221; ol_font=&#8221;Montserrat|700|||||||&#8221; ol_text_color=&#8221;#bb29bb&#8221; ol_font_size=&#8221;28px&#8221; ol_line_height=&#8221;1.5em&#8221; header_4_font=&#8221;|700|||||||&#8221; header_4_text_color=&#8221;#bb29bb&#8221; header_4_font_size=&#8221;28px&#8221; header_5_font=&#8221;Roboto||||||||&#8221; header_5_font_size=&#8221;20px&#8221; use_background_color_gradient=&#8221;on&#8221; background_color_gradient_start=&#8221;rgba(0,0,0,0.04)&#8221; background_color_gradient_end=&#8221;rgba(255,255,255,0)&#8221; background_color_gradient_direction=&#8221;90deg&#8221; background_color_gradient_start_position=&#8221;25%&#8221; background_color_gradient_end_position=&#8221;50%&#8221; custom_padding=&#8221;1vw||0vw||false&#8221; header_5_font_size_last_edited=&#8221;on|desktop&#8221; custom_css_main_element__hover_enabled=&#8221;on&#8221;]\n<h4>\u00c9COLE RATTACH\u00c9E D\u2019INFIRMERIE<\/h4>\n<ol start=\"13\">\n<li>\n<h5><a href=\"http:\/\/www.uva.es\/export\/sites\/uva\/2.docencia\/2.01.grados\/2.01.02.ofertaformativagrados\/2.01.02.01.alfabetica\/Grado-en-Enfermeria-PA\/\" target=\"_blank\" rel=\"noopener noreferrer\">Grade en Infirmerie <\/a><\/h5>\n<\/li>\n<\/ol>\n[\/et_pb_text][\/et_pb_column][\/et_pb_row][\/et_pb_section][et_pb_section bb_built=&#8221;1&#8243; _builder_version=&#8221;3.22.3&#8243; custom_padding=&#8221;0|0px|0|0px|false|false&#8221; prev_background_color=&#8221;#000000&#8243; next_background_color=&#8221;#000000&#8243;][et_pb_row _builder_version=&#8221;3.22.3&#8243; background_size=&#8221;initial&#8221; background_position=&#8221;top_left&#8221; background_repeat=&#8221;repeat&#8221;][et_pb_column type=&#8221;4_4&#8243;][et_pb_text admin_label=&#8221;M\u00e1steres&#8221; module_id=&#8221;masteres&#8221; _builder_version=&#8221;3.19.18&#8243; text_font=&#8221;Montserrat|||||on|||&#8221; text_text_color=&#8221;#ffffff&#8221; text_font_size=&#8221;40px&#8221; text_letter_spacing=&#8221;33px&#8221; text_text_shadow_style=&#8221;preset1&#8243; header_text_align=&#8221;center&#8221; background_color=&#8221;#bb29bb&#8221; text_orientation=&#8221;center&#8221; custom_padding=&#8221;1em||&#8221; text_font_size_tablet=&#8221;30px&#8221; text_font_size_last_edited=&#8221;on|phone&#8221; text_letter_spacing_tablet=&#8221;0px&#8221; text_letter_spacing_last_edited=&#8221;on|desktop&#8221;]\n<p>MASTERS<\/p>\n[\/et_pb_text][\/et_pb_column][\/et_pb_row][et_pb_row custom_padding=&#8221;27px|0px|0|0px|false|false&#8221; module_class=&#8221;dashicon-enlace&#8221; _builder_version=&#8221;3.22.3&#8243; background_size=&#8221;initial&#8221; background_position=&#8221;top_left&#8221; background_repeat=&#8221;repeat&#8221;][et_pb_column type=&#8221;4_4&#8243;][et_pb_text admin_label=&#8221;M\u00e1steres &#8211; lista&#8221; ul_type=&#8221;none&#8221; ol_position=&#8221;outside&#8221; ol_item_indent=&#8221;4vw&#8221; _builder_version=&#8221;3.20.2&#8243; text_font=&#8221;||||||||&#8221; ul_font=&#8221;Roboto|300|||||||&#8221; ul_font_size=&#8221;18px&#8221; ol_font=&#8221;Montserrat|700|||||||&#8221; ol_text_color=&#8221;#bb29bb&#8221; ol_font_size=&#8221;28px&#8221; ol_line_height=&#8221;1.5em&#8221; header_5_font=&#8221;Roboto||||||||&#8221; header_5_font_size=&#8221;20px&#8221; use_background_color_gradient=&#8221;on&#8221; background_color_gradient_start=&#8221;rgba(0,0,0,0.04)&#8221; background_color_gradient_end=&#8221;rgba(255,255,255,0)&#8221; background_color_gradient_direction=&#8221;90deg&#8221; background_color_gradient_start_position=&#8221;25%&#8221; background_color_gradient_end_position=&#8221;50%&#8221; custom_padding=&#8221;1vw||0vw||false&#8221; header_5_font_size_last_edited=&#8221;on|desktop&#8221;]\n<ol>\n<li>\n<h5><a href=\"http:\/\/www.uva.es\/export\/sites\/uva\/2.docencia\/2.02.mastersoficiales\/2.02.01.ofertaeducativa\/2.02.01.01.alfabetica\/Master-Erasmus-Mundus-en-Gestion-Forestal-y-de-Recursos-Naturales-en-el-Mediterraneo-MEDFOR\/\" target=\"_blank\" rel=\"noopener noreferrer\">Master Erasmus Mundus en Gestion Foresti\u00e8re et de Ressources naturelles dans la M\u00e9diterran\u00e9e (MEDFOR) <\/a><\/h5>\n<\/li>\n<li>\n<h5><a href=\"http:\/\/www.uva.es\/export\/sites\/uva\/2.docencia\/2.02.mastersoficiales\/2.02.01.ofertaeducativa\/2.02.01.01.alfabetica\/Master-en-Calidad-Desarrollo-e-Innovacion-de-Alimentos\/\" target=\"_blank\" rel=\"noopener noreferrer\">Master en Qualit\u00e9, D\u00e9veloppement et Innovation d\u2019Aliments <\/a><\/h5>\n<\/li>\n<li>\n<h5><a href=\"http:\/\/www.uva.es\/export\/sites\/uva\/2.docencia\/2.02.mastersoficiales\/2.02.01.ofertaeducativa\/2.02.01.01.alfabetica\/Master-en-Formacion-de-Educadores-para-la-Intervencion-Sociocomunitaria\/\" target=\"_blank\" rel=\"noopener noreferrer\">Master en Formation d\u2019Enseignants pour l\u2019Intervention sociocommunautaire <\/a><\/h5>\n<\/li>\n<li>\n<h5><a href=\"http:\/\/www.uva.es\/export\/sites\/uva\/2.docencia\/2.02.mastersoficiales\/2.02.01.ofertaeducativa\/2.02.01.01.alfabetica\/Master-en-Gestion-Forestal-basada-en-Ciencia-de-Datos\/\" target=\"_blank\" rel=\"noopener noreferrer\">Master en Gestion foresti\u00e8re fond\u00e9e sur la Science des Donn\u00e9es <\/a><\/h5>\n<\/li>\n<li>\n<h5><a href=\"http:\/\/www.uva.es\/export\/sites\/uva\/2.docencia\/2.02.mastersoficiales\/2.02.01.ofertaeducativa\/2.02.01.01.alfabetica\/Master-en-Ingenieria-Agronomica\/\" target=\"_blank\" rel=\"noopener noreferrer\">Master en Ing\u00e9nierie agronomique <\/a><\/h5>\n<\/li>\n<li>\n<h5><a href=\"http:\/\/www.uva.es\/export\/sites\/uva\/2.docencia\/2.02.mastersoficiales\/2.02.01.ofertaeducativa\/2.02.01.01.alfabetica\/Master-en-Ingenieria-de-Montes\/\" target=\"_blank\" rel=\"noopener noreferrer\">Master en Ing\u00e9nierie des Eaux et des For\u00eats <\/a><\/h5>\n<\/li>\n<li>\n<h5><a href=\"http:\/\/www.uva.es\/export\/sites\/uva\/2.docencia\/2.02.mastersoficiales\/2.02.01.ofertaeducativa\/2.02.01.01.alfabetica\/Master-en-Investigacion-en-Conservacion-y-Uso-Sostenible-de-Sistemas-Forestales\/\" target=\"_blank\" rel=\"noopener noreferrer\">Master en Recherche en Conservation et l\u2019Exploitation durable des Syst\u00e8mes forestiers <\/a><\/h5>\n<\/li>\n<li>\n<h5><a href=\"http:\/\/www.uva.es\/export\/sites\/uva\/2.docencia\/2.02.mastersoficiales\/2.02.01.ofertaeducativa\/2.02.01.01.alfabetica\/Master-en-Tecnologias-Avanzadas-para-el-Desarrollo-Agroforestal\/\" target=\"_blank\" rel=\"noopener noreferrer\">Master en Technologies avanc\u00e9es pour le D\u00e9veloppement agroforestier <\/a><\/h5>\n<\/li>\n<li>\n<h5><a href=\"http:\/\/www.uva.es\/export\/sites\/uva\/2.docencia\/2.02.mastersoficiales\/2.02.01.ofertaeducativa\/2.02.01.01.alfabetica\/Programa-de-estudios-conjunto-de-Master-en-Gestion-Forestal-Basada-en-Ciencias-de-Datos-y-Master-en-Ingenieria-de-Montes\/\" target=\"_blank\" rel=\"noopener noreferrer\">Programme d\u2019\u00e9tudes commun de Master en Gestion foresti\u00e8re fond\u00e9e sur la Science des Donn\u00e9es et Master en Ing\u00e9nierie des Eaux et des For\u00eats<\/a><\/h5>\n<\/li>\n<\/ol>\n[\/et_pb_text][\/et_pb_column][\/et_pb_row][\/et_pb_section][et_pb_section bb_built=&#8221;1&#8243; _builder_version=&#8221;3.22.3&#8243; custom_padding=&#8221;0|0px|0|0px|false|false&#8221; prev_background_color=&#8221;#000000&#8243; next_background_color=&#8221;#000000&#8243;][et_pb_row _builder_version=&#8221;3.22.3&#8243; background_size=&#8221;initial&#8221; background_position=&#8221;top_left&#8221; background_repeat=&#8221;repeat&#8221;][et_pb_column type=&#8221;4_4&#8243;][et_pb_text admin_label=&#8221;Doctorados&#8221; module_id=&#8221;doctorados&#8221; _builder_version=&#8221;3.19.18&#8243; text_font=&#8221;Montserrat|||||on|||&#8221; text_text_color=&#8221;#ffffff&#8221; text_font_size=&#8221;40px&#8221; text_letter_spacing=&#8221;33px&#8221; text_text_shadow_style=&#8221;preset1&#8243; link_font=&#8221;||||||||&#8221; ul_font=&#8221;||||||||&#8221; ol_font=&#8221;||||||||&#8221; quote_font=&#8221;||||||||&#8221; header_font=&#8221;||||||||&#8221; header_text_align=&#8221;right&#8221; background_color=&#8221;#bb29bb&#8221; text_orientation=&#8221;right&#8221; custom_padding=&#8221;1em||&#8221; text_font_size_tablet=&#8221;30px&#8221; text_font_size_last_edited=&#8221;on|phone&#8221; text_letter_spacing_tablet=&#8221;0px&#8221; text_letter_spacing_last_edited=&#8221;on|phone&#8221;]\n<p>DOCTORATS<\/p>\n[\/et_pb_text][\/et_pb_column][\/et_pb_row][et_pb_row custom_padding=&#8221;27px|0px|0|0px|false|false&#8221; module_class=&#8221;dashicon-enlace&#8221; _builder_version=&#8221;3.22.3&#8243; background_size=&#8221;initial&#8221; background_position=&#8221;top_left&#8221; background_repeat=&#8221;repeat&#8221;][et_pb_column type=&#8221;4_4&#8243;][et_pb_text admin_label=&#8221;Doctorados &#8211; lista&#8221; ul_type=&#8221;none&#8221; ol_position=&#8221;outside&#8221; ol_item_indent=&#8221;4vw&#8221; _builder_version=&#8221;3.23.3&#8243; text_font=&#8221;||||||||&#8221; ul_font=&#8221;Roboto|300|||||||&#8221; ul_font_size=&#8221;18px&#8221; ol_font=&#8221;Montserrat|700|||||||&#8221; ol_text_color=&#8221;#bb29bb&#8221; ol_font_size=&#8221;28px&#8221; ol_line_height=&#8221;1.5em&#8221; header_5_font=&#8221;Roboto||||||||&#8221; header_5_font_size=&#8221;20px&#8221; use_background_color_gradient=&#8221;on&#8221; background_color_gradient_start=&#8221;rgba(0,0,0,0.04)&#8221; background_color_gradient_end=&#8221;rgba(255,255,255,0)&#8221; background_color_gradient_direction=&#8221;90deg&#8221; background_color_gradient_start_position=&#8221;25%&#8221; background_color_gradient_end_position=&#8221;50%&#8221; custom_padding=&#8221;1vw||0vw||false&#8221; header_5_font_size_last_edited=&#8221;on|desktop&#8221;]\n<ol>\n<li>\n<h5><a href=\"http:\/\/escueladoctorado.uva.es\/export\/sites\/doctorado\/programas\/ciencia_ingenieria_agroalimentaria_biosistemas\/index.html\" target=\"_blank\" rel=\"noopener noreferrer\">Doctorat en Sciences et Ing\u00e9nierie agro-alimentaire et des Biosyst\u00e8mes <\/a><\/h5>\n<\/li>\n<li>\n<h5><a href=\"http:\/\/escueladoctorado.uva.es\/export\/sites\/doctorado\/programas\/conservacion_uso_sostenible_sistemas_forestales\/index.html\" target=\"_blank\" rel=\"noopener noreferrer\">Doctorat en Conservation et l\u2019Exploitation durable des Syst\u00e8mes forestiers<\/a><\/h5>\n<\/li>\n<li>\n<h5><a href=\"http:\/\/escueladoctorado.uva.es\/export\/sites\/doctorado\/programas\/enologia_viticultura_y_sostenibilidad\/portada.html\" target=\"_blank\" rel=\"noopener noreferrer\">Doctorat en \u0152nologie, Viticulture et Durabilit\u00e9<\/a><\/h5>\n<\/li>\n<li>\n<h5><a href=\"http:\/\/www.palencia.uva.es\/wp-content\/uploads\/2019\/05\/2019-05-28-Estudios-de-G\u00e9nero-y....pdf\" target=\"_blank\" rel=\"noopener noreferrer\">Sp\u00e9cialiste en \u00c9tudes de Genre et Gestion de Politiques \u00e9galitaires (Titre propre) <\/a><\/h5>\n<\/li>\n<\/ol>\n[\/et_pb_text][\/et_pb_column][\/et_pb_row][\/et_pb_section][et_pb_section bb_built=&#8221;1&#8243; _builder_version=&#8221;3.22.3&#8243; custom_padding=&#8221;0|0px|54px|0px|false|false&#8221; prev_background_color=&#8221;#000000&#8243;][et_pb_row _builder_version=&#8221;3.22.3&#8243; background_size=&#8221;initial&#8221; background_position=&#8221;top_left&#8221; background_repeat=&#8221;repeat&#8221;][et_pb_column type=&#8221;4_4&#8243;][et_pb_text admin_label=&#8221;C\u00e1tedras e Institutos&#8221; module_id=&#8221;catedras&#8221; _builder_version=&#8221;3.20.2&#8243; text_font=&#8221;Montserrat|||||on|||&#8221; text_text_color=&#8221;#ffffff&#8221; text_font_size=&#8221;40px&#8221; text_letter_spacing=&#8221;26px&#8221; text_text_shadow_style=&#8221;preset1&#8243; ol_font=&#8221;||||||||&#8221; header_font=&#8221;||||||||&#8221; background_color=&#8221;#bb29bb&#8221; custom_padding=&#8221;1em||&#8221; text_font_size_tablet=&#8221;30px&#8221; text_font_size_last_edited=&#8221;on|phone&#8221; text_letter_spacing_tablet=&#8221;0px&#8221; text_letter_spacing_last_edited=&#8221;on|desktop&#8221;]\n<p>CHAIRES ET INSTITUTS<\/p>\n[\/et_pb_text][\/et_pb_column][\/et_pb_row][et_pb_row custom_padding=&#8221;27px|0px|0|0px|false|false&#8221; module_class=&#8221;dashicon-enlace&#8221; _builder_version=&#8221;3.22.3&#8243; background_size=&#8221;initial&#8221; background_position=&#8221;top_left&#8221; background_repeat=&#8221;repeat&#8221;][et_pb_column type=&#8221;4_4&#8243;][et_pb_text admin_label=&#8221;C\u00e1tedras e Institutos &#8211; lista&#8221; ul_type=&#8221;none&#8221; ol_position=&#8221;outside&#8221; ol_item_indent=&#8221;4vw&#8221; _builder_version=&#8221;3.23.3&#8243; ul_font=&#8221;Roboto|300|||||||&#8221; ul_font_size=&#8221;18px&#8221; ol_font=&#8221;Montserrat|700|||||||&#8221; ol_text_color=&#8221;#bb29bb&#8221; ol_font_size=&#8221;28px&#8221; ol_line_height=&#8221;1.5em&#8221; header_5_font=&#8221;Roboto||||||||&#8221; header_5_font_size=&#8221;20px&#8221; use_background_color_gradient=&#8221;on&#8221; background_color_gradient_start=&#8221;rgba(0,0,0,0.04)&#8221; background_color_gradient_end=&#8221;rgba(255,255,255,0)&#8221; background_color_gradient_direction=&#8221;90deg&#8221; background_color_gradient_start_position=&#8221;25%&#8221; background_color_gradient_end_position=&#8221;50%&#8221; custom_padding=&#8221;1vw||0vw||false&#8221; header_5_font_size_last_edited=&#8221;on|desktop&#8221; text_text_shadow_horizontal_length=&#8221;text_text_shadow_style,%91object Object%93&#8243; text_text_shadow_horizontal_length_tablet=&#8221;0px&#8221; text_text_shadow_vertical_length=&#8221;text_text_shadow_style,%91object Object%93&#8243; text_text_shadow_vertical_length_tablet=&#8221;0px&#8221; text_text_shadow_blur_strength=&#8221;text_text_shadow_style,%91object Object%93&#8243; text_text_shadow_blur_strength_tablet=&#8221;1px&#8221; link_text_shadow_horizontal_length=&#8221;link_text_shadow_style,%91object Object%93&#8243; link_text_shadow_horizontal_length_tablet=&#8221;0px&#8221; link_text_shadow_vertical_length=&#8221;link_text_shadow_style,%91object Object%93&#8243; link_text_shadow_vertical_length_tablet=&#8221;0px&#8221; link_text_shadow_blur_strength=&#8221;link_text_shadow_style,%91object Object%93&#8243; link_text_shadow_blur_strength_tablet=&#8221;1px&#8221; ul_text_shadow_horizontal_length=&#8221;ul_text_shadow_style,%91object Object%93&#8243; ul_text_shadow_horizontal_length_tablet=&#8221;0px&#8221; ul_text_shadow_vertical_length=&#8221;ul_text_shadow_style,%91object Object%93&#8243; ul_text_shadow_vertical_length_tablet=&#8221;0px&#8221; ul_text_shadow_blur_strength=&#8221;ul_text_shadow_style,%91object Object%93&#8243; ul_text_shadow_blur_strength_tablet=&#8221;1px&#8221; ol_text_shadow_horizontal_length=&#8221;ol_text_shadow_style,%91object Object%93&#8243; ol_text_shadow_horizontal_length_tablet=&#8221;0px&#8221; ol_text_shadow_vertical_length=&#8221;ol_text_shadow_style,%91object Object%93&#8243; ol_text_shadow_vertical_length_tablet=&#8221;0px&#8221; ol_text_shadow_blur_strength=&#8221;ol_text_shadow_style,%91object Object%93&#8243; ol_text_shadow_blur_strength_tablet=&#8221;1px&#8221; quote_text_shadow_horizontal_length=&#8221;quote_text_shadow_style,%91object Object%93&#8243; quote_text_shadow_horizontal_length_tablet=&#8221;0px&#8221; quote_text_shadow_vertical_length=&#8221;quote_text_shadow_style,%91object Object%93&#8243; quote_text_shadow_vertical_length_tablet=&#8221;0px&#8221; quote_text_shadow_blur_strength=&#8221;quote_text_shadow_style,%91object Object%93&#8243; quote_text_shadow_blur_strength_tablet=&#8221;1px&#8221; header_text_shadow_horizontal_length=&#8221;header_text_shadow_style,%91object Object%93&#8243; header_text_shadow_horizontal_length_tablet=&#8221;0px&#8221; header_text_shadow_vertical_length=&#8221;header_text_shadow_style,%91object Object%93&#8243; header_text_shadow_vertical_length_tablet=&#8221;0px&#8221; header_text_shadow_blur_strength=&#8221;header_text_shadow_style,%91object Object%93&#8243; header_text_shadow_blur_strength_tablet=&#8221;1px&#8221; header_2_text_shadow_horizontal_length=&#8221;header_2_text_shadow_style,%91object Object%93&#8243; header_2_text_shadow_horizontal_length_tablet=&#8221;0px&#8221; header_2_text_shadow_vertical_length=&#8221;header_2_text_shadow_style,%91object Object%93&#8243; header_2_text_shadow_vertical_length_tablet=&#8221;0px&#8221; header_2_text_shadow_blur_strength=&#8221;header_2_text_shadow_style,%91object Object%93&#8243; header_2_text_shadow_blur_strength_tablet=&#8221;1px&#8221; header_3_text_shadow_horizontal_length=&#8221;header_3_text_shadow_style,%91object Object%93&#8243; header_3_text_shadow_horizontal_length_tablet=&#8221;0px&#8221; header_3_text_shadow_vertical_length=&#8221;header_3_text_shadow_style,%91object Object%93&#8243; header_3_text_shadow_vertical_length_tablet=&#8221;0px&#8221; header_3_text_shadow_blur_strength=&#8221;header_3_text_shadow_style,%91object Object%93&#8243; header_3_text_shadow_blur_strength_tablet=&#8221;1px&#8221; header_4_text_shadow_horizontal_length=&#8221;header_4_text_shadow_style,%91object Object%93&#8243; header_4_text_shadow_horizontal_length_tablet=&#8221;0px&#8221; header_4_text_shadow_vertical_length=&#8221;header_4_text_shadow_style,%91object Object%93&#8243; header_4_text_shadow_vertical_length_tablet=&#8221;0px&#8221; header_4_text_shadow_blur_strength=&#8221;header_4_text_shadow_style,%91object Object%93&#8243; header_4_text_shadow_blur_strength_tablet=&#8221;1px&#8221; header_5_text_shadow_horizontal_length=&#8221;header_5_text_shadow_style,%91object Object%93&#8243; header_5_text_shadow_horizontal_length_tablet=&#8221;0px&#8221; header_5_text_shadow_vertical_length=&#8221;header_5_text_shadow_style,%91object Object%93&#8243; header_5_text_shadow_vertical_length_tablet=&#8221;0px&#8221; header_5_text_shadow_blur_strength=&#8221;header_5_text_shadow_style,%91object Object%93&#8243; header_5_text_shadow_blur_strength_tablet=&#8221;1px&#8221; header_6_text_shadow_horizontal_length=&#8221;header_6_text_shadow_style,%91object Object%93&#8243; header_6_text_shadow_horizontal_length_tablet=&#8221;0px&#8221; header_6_text_shadow_vertical_length=&#8221;header_6_text_shadow_style,%91object Object%93&#8243; header_6_text_shadow_vertical_length_tablet=&#8221;0px&#8221; header_6_text_shadow_blur_strength=&#8221;header_6_text_shadow_style,%91object Object%93&#8243; header_6_text_shadow_blur_strength_tablet=&#8221;1px&#8221; box_shadow_horizontal_tablet=&#8221;0px&#8221; box_shadow_vertical_tablet=&#8221;0px&#8221; box_shadow_blur_tablet=&#8221;40px&#8221; box_shadow_spread_tablet=&#8221;0px&#8221; z_index_tablet=&#8221;500&#8243;]\n<ol>\n<li>\n<h5><a href=\"http:\/\/educacionpalencia.es\/catedra-de-genero\/\" target=\"_blank\" rel=\"noopener noreferrer\">Chaire d\u2019\u00c9tudes de Genre <\/a><\/h5>\n<\/li>\n<li>\n<h5><a href=\"http:\/\/www.catedrademicologia.es\/\" target=\"_blank\" rel=\"noopener noreferrer\">Chaire de Mycologie <\/a><\/h5>\n<\/li>\n<li>\n<h5><a href=\"http:\/\/sostenible.palencia.uva.es\/\" target=\"_blank\" rel=\"noopener noreferrer\">iuFOR \u2013 Instituto Universitario de Investigaci\u00f3n sobre Gesti\u00f3n Forestal Sostenible [Institut universitaire de Recherche sur Gestion foresti\u00e8re durable]<\/a><\/h5>\n<\/li>\n<\/ol>\n[\/et_pb_text][\/et_pb_column][\/et_pb_row][\/et_pb_section]\n","protected":false},"excerpt":{"rendered":"<p>GRADES \u00c9COLE TECHNIQUE SUP\u00c9RIEURE DES G\u00c9NIES AGRAIRES Grade en \u0152nologie Grade en G\u00e9nie Agricole et du Milieu rural Grade en G\u00e9nie Forestier et du Milieu naturel Grade en G\u00e9nie des Industries agraires et alimentaires Programme d\u2019\u00c9tudes commun de Grade en G\u00e9nie agricole et du Moyen rural et G\u00e9nie Forestier et du Moyen Naturel (I-AGRIFOREST) Programme [&hellip;]<\/p>\n","protected":false},"author":1,"featured_media":0,"parent":0,"menu_order":1,"comment_status":"closed","ping_status":"closed","template":"","meta":{"_acf_changed":false,"_et_pb_use_builder":"on","_et_pb_old_content":"<p>Informaci\u00f3n sobre las titulaciones que se imparte en el Campus<\/p><p>Informaci\u00f3n sobre las c\u00e1tedras que tienen su sede en el Campus<\/p><h3>12 Estudios de Grado<\/h3><p>Enlaces a:<\/p><ol><li>Grado en Educaci\u00f3n Infantil (PA)<\/li><li>Grado en Educaci\u00f3n Primaria (PA)<\/li><li>Grado en Educaci\u00f3n Social (PA)<\/li><li>Grado en Enfermer\u00eda (PA)<\/li><li>Grado en Enolog\u00eda (PA)<\/li><li>Grado en Ingenier\u00eda Agr\u00edcola y del Medio Rural (PA)<\/li><li>Grado en Ingenier\u00eda Forestal y del Medio Natural<\/li><li>Grado en Ingenier\u00eda de las Industrias Agrarias y Alimentarias<\/li><li>Grado en Relaciones Laborales y Recursos Humanos (PA)<\/li><li>Programa de Estudios Conjunto de Grado en Ingenier\u00eda Agr\u00edcola y del Medio Rural e Ingenier\u00eda Forestal y del Medio Natural (I-AGRIFOREST)<\/li><li>Programa de Estudios Conjunto de Grado en Ingenier\u00eda Agr\u00edcola y del Medio Rural y Grado en Ingenier\u00eda de las Industrias Agrarias y Alimentarias (I-AGRIFOOD)<\/li><li>Programa de Estudios Conjunto de Grado en Ingenier\u00eda de las Industrias Agrarias y Alimentarias y Grado en Enolog\u00eda (I-ENOFOOD)<\/li><li>Programa de estudios conjunto de Grado en Educaci\u00f3n Infantil y Grado en Educaci\u00f3n Primaria (PA)<\/li><\/ol><h3>13 Estudios de M\u00e1ster<\/h3><p>Enlaces a:<\/p><ol><li>M\u00e1ster Erasmus Mundus en Gesti\u00f3n Forestal y de Recursos Naturales en el Mediterr\u00e1neo (MEDFOR)<\/li><li>M\u00e1ster en Calidad, Desarrollo e Innovaci\u00f3n de Alimentos<\/li><li>M\u00e1ster en Formaci\u00f3n de Educadores para la Intervenci\u00f3n Sociocomunitaria<\/li><li>M\u00e1ster en Gesti\u00f3n Forestal basada en Ciencia de Datos<\/li><li>M\u00e1ster en Ingenier\u00eda Agron\u00f3mica<\/li><li>M\u00e1ster en Ingenier\u00eda de Montes<\/li><li>M\u00e1ster en Investigaci\u00f3n en Conservaci\u00f3n y Uso Sostenible de Sistemas Forestales<\/li><li>M\u00e1ster en Tecnolog\u00edas Avanzadas para el Desarrollo Agroforestal<\/li><li>Programa de estudios conjunto de M\u00e1ster en Gesti\u00f3n Forestal Basada en Ciencias de Datos y M\u00e1ster en Ingenier\u00eda de Montes<\/li><\/ol><h3>14 Doctorado<\/h3><p>Enlace a los estudios de Doctorado<\/p><h4>14.1 Doctorado en Conservaci\u00f3n y Uso Sostenible de Sistemas Forestales<\/h4><h4>14.2 Doctorado en Enolog\u00eda, Viticultura y Sostenibilidad<\/h4><h3>15 C\u00e1tedras<\/h3><p>Enlace a las Web de las c\u00e1tedras<\/p><h4>15.1 C\u00e1tedra de estudios de g\u00e9nero<\/h4><h4>15.2 C\u00e1tedra de micolog\u00eda<\/h4>","_et_gb_content_width":"","_joinchat":[],"footnotes":""},"class_list":["post-2711","page","type-page","status-publish","hentry"],"acf":[],"_links":{"self":[{"href":"https:\/\/www.palencia.uva.es\/fr\/wp-json\/wp\/v2\/pages\/2711","targetHints":{"allow":["GET"]}}],"collection":[{"href":"https:\/\/www.palencia.uva.es\/fr\/wp-json\/wp\/v2\/pages"}],"about":[{"href":"https:\/\/www.palencia.uva.es\/fr\/wp-json\/wp\/v2\/types\/page"}],"author":[{"embeddable":true,"href":"https:\/\/www.palencia.uva.es\/fr\/wp-json\/wp\/v2\/users\/1"}],"replies":[{"embeddable":true,"href":"https:\/\/www.palencia.uva.es\/fr\/wp-json\/wp\/v2\/comments?post=2711"}],"version-history":[{"count":3,"href":"https:\/\/www.palencia.uva.es\/fr\/wp-json\/wp\/v2\/pages\/2711\/revisions"}],"predecessor-version":[{"id":2714,"href":"https:\/\/www.palencia.uva.es\/fr\/wp-json\/wp\/v2\/pages\/2711\/revisions\/2714"}],"wp:attachment":[{"href":"https:\/\/www.palencia.uva.es\/fr\/wp-json\/wp\/v2\/media?parent=2711"}],"curies":[{"name":"wp","href":"https:\/\/api.w.org\/{rel}","templated":true}]}}